{"id":430,"date":"2020-05-17T19:26:32","date_gmt":"2020-05-17T17:26:32","guid":{"rendered":"https:\/\/posaunenchor-schwarzenbach.de\/?page_id=430"},"modified":"2020-06-13T12:01:41","modified_gmt":"2020-06-13T10:01:41","slug":"impressionen","status":"publish","type":"page","link":"https:\/\/posaunenchor-schwarzenbach.de\/?page_id=430","title":{"rendered":"Impressionen"},"content":{"rendered":"\n<p>Hier finden Sie verschiedene Bilder, Videos und Tonaufnahmen von unseren Auftritten und Konzerten. Egal ob Gottesdienst, Wiesenfest, Geburtstag oder Weihnachtsmarkt, wir spielen zu den unterschiedlichsten Anl\u00e4ssen. <\/p>\n\n\n\n<p>Unsere aktuellen Auftrittstermine sind auf der rechten Seite zu finden oder unter <a href=\"https:\/\/posaunenchor-schwarzenbach.de\/?page_id=15\">Termine<\/a>.<\/p>\n\n\n\n<h2 class=\"wp-block-heading\">Bilder<\/h2>\n\n\n\n<p>Zum vergr\u00f6\u00dfern auf das Bild klicken.<\/p>\n\n\n<style type=\"text\/css\">\r\n\t#foogallery-gallery-701 .fg-image {\r\n        width: 255px;\r\n    }\r\n<\/style>\r\n\t\t\t\t<div class=\"foogallery foogallery-container foogallery-default foogallery-lightbox-foobox fg-gutter-10 fg-center fg-default fg-light fg-loading-default fg-loaded-fade-in fg-caption-always fg-hover-fade fg-hover-zoom fg-ready\" id=\"foogallery-gallery-701\" data-foogallery=\"{&quot;item&quot;:{&quot;showCaptionTitle&quot;:true,&quot;showCaptionDescription&quot;:true},&quot;lazy&quot;:true}\" >\r\n\t<div class=\"fg-item fg-type-image fg-idle\"><figure class=\"fg-item-inner\"><a href=\"https:\/\/posaunenchor-schwarzenbach.de\/wp-content\/uploads\/2020\/06\/Serenade-im-Rathaushof-2018-Der-Bass.jpg\" data-caption-title=\"Serenade im Rathaushof\" data-attachment-id=\"632\" class=\"fg-thumb\"><span class=\"fg-image-wrap\"><img fetchpriority=\"high\" decoding=\"async\" title=\"Serenade im Rathaushof\" width=\"255\" height=\"200\" class=\"skip-lazy fg-image\" data-src-fg=\"https:\/\/posaunenchor-schwarzenbach.de\/wp-content\/uploads\/cache\/2020\/06\/Serenade-im-Rathaushof-2018-Der-Bass\/1911907642.jpg\" data-srcset-fg=\"https:\/\/posaunenchor-schwarzenbach.de\/wp-content\/uploads\/cache\/2020\/06\/Serenade-im-Rathaushof-2018-Der-Bass\/4111738226.jpg 2x\" src=\"data:image\/svg+xml,%3Csvg%20xmlns%3D%22http%3A%2F%2Fwww.w3.org%2F2000%2Fsvg%22%20width%3D%22255%22%20height%3D%22200%22%20viewBox%3D%220%200%20255%20200%22%3E%3C%2Fsvg%3E\" loading=\"eager\"><\/span><span class=\"fg-image-overlay\"><\/span><\/a><figcaption class=\"fg-caption\"><div class=\"fg-caption-inner\"><div class=\"fg-caption-title\">Serenade im Rathaushof<\/div><\/div><\/figcaption><\/figure><div class=\"fg-loader\"><\/div><\/div><div class=\"fg-item fg-type-image fg-idle\"><figure class=\"fg-item-inner\"><a href=\"https:\/\/posaunenchor-schwarzenbach.de\/wp-content\/uploads\/2020\/06\/Konfirmation-2019.jpg\" data-caption-title=\"Konfirmation 2019\" data-attachment-id=\"631\" class=\"fg-thumb\"><span class=\"fg-image-wrap\"><img decoding=\"async\" title=\"Konfirmation 2019\" width=\"255\" height=\"200\" class=\"skip-lazy fg-image\" data-src-fg=\"https:\/\/posaunenchor-schwarzenbach.de\/wp-content\/uploads\/cache\/2020\/06\/Konfirmation-2019\/781092740.jpg\" data-srcset-fg=\"https:\/\/posaunenchor-schwarzenbach.de\/wp-content\/uploads\/cache\/2020\/06\/Konfirmation-2019\/4128564845.jpg 2x\" src=\"data:image\/svg+xml,%3Csvg%20xmlns%3D%22http%3A%2F%2Fwww.w3.org%2F2000%2Fsvg%22%20width%3D%22255%22%20height%3D%22200%22%20viewBox%3D%220%200%20255%20200%22%3E%3C%2Fsvg%3E\" loading=\"eager\"><\/span><span class=\"fg-image-overlay\"><\/span><\/a><figcaption class=\"fg-caption\"><div class=\"fg-caption-inner\"><div class=\"fg-caption-title\">Konfirmation 2019<\/div><\/div><\/figcaption><\/figure><div class=\"fg-loader\"><\/div><\/div><div class=\"fg-item fg-type-image fg-idle\"><figure class=\"fg-item-inner\"><a href=\"https:\/\/posaunenchor-schwarzenbach.de\/wp-content\/uploads\/2020\/06\/Himmelfahrt-2019-Feldgottesdienst-auf-der-CVJM-H\u00fctte.jpg\" data-caption-title=\"Feldgottesdienst auf der CVJM-H\u00fctte\" data-attachment-id=\"630\" class=\"fg-thumb\"><span class=\"fg-image-wrap\"><img decoding=\"async\" title=\"Feldgottesdienst auf der CVJM-H\u00fctte\" width=\"255\" height=\"200\" class=\"skip-lazy fg-image\" data-src-fg=\"https:\/\/posaunenchor-schwarzenbach.de\/wp-content\/uploads\/cache\/2020\/06\/Himmelfahrt-2019-Feldgottesdienst-auf-der-CVJM-H\u00fctte\/2122458203.jpg\" data-srcset-fg=\"https:\/\/posaunenchor-schwarzenbach.de\/wp-content\/uploads\/cache\/2020\/06\/Himmelfahrt-2019-Feldgottesdienst-auf-der-CVJM-H\u00fctte\/3292001922.jpg 2x\" src=\"data:image\/svg+xml,%3Csvg%20xmlns%3D%22http%3A%2F%2Fwww.w3.org%2F2000%2Fsvg%22%20width%3D%22255%22%20height%3D%22200%22%20viewBox%3D%220%200%20255%20200%22%3E%3C%2Fsvg%3E\" loading=\"eager\"><\/span><span class=\"fg-image-overlay\"><\/span><\/a><figcaption class=\"fg-caption\"><div class=\"fg-caption-inner\"><div class=\"fg-caption-title\">Feldgottesdienst auf der CVJM-H\u00fctte<\/div><\/div><\/figcaption><\/figure><div class=\"fg-loader\"><\/div><\/div><div class=\"fg-item fg-type-image fg-idle\"><figure class=\"fg-item-inner\"><a href=\"https:\/\/posaunenchor-schwarzenbach.de\/wp-content\/uploads\/2020\/06\/Geburtstagsst\u00e4ndchen-f\u00fcr-unseren-Wirt-Helmut-2019.jpg\" data-caption-title=\"Geburtstagsst\u00e4ndchen f\u00fcr unseren Wirt Helmut Schaller\" data-attachment-id=\"629\" class=\"fg-thumb\"><span class=\"fg-image-wrap\"><img decoding=\"async\" title=\"Geburtstagsst\u00e4ndchen f\u00fcr unseren Wirt Helmut Schaller\" width=\"255\" height=\"200\" class=\"skip-lazy fg-image\" data-src-fg=\"https:\/\/posaunenchor-schwarzenbach.de\/wp-content\/uploads\/cache\/2020\/06\/Geburtstagsst\u00e4ndchen-f\u00fcr-unseren-Wirt-Helmut-2019\/336189965.jpg\" data-srcset-fg=\"https:\/\/posaunenchor-schwarzenbach.de\/wp-content\/uploads\/cache\/2020\/06\/Geburtstagsst\u00e4ndchen-f\u00fcr-unseren-Wirt-Helmut-2019\/1074587733.jpg 2x\" src=\"data:image\/svg+xml,%3Csvg%20xmlns%3D%22http%3A%2F%2Fwww.w3.org%2F2000%2Fsvg%22%20width%3D%22255%22%20height%3D%22200%22%20viewBox%3D%220%200%20255%20200%22%3E%3C%2Fsvg%3E\" loading=\"eager\"><\/span><span class=\"fg-image-overlay\"><\/span><\/a><figcaption class=\"fg-caption\"><div class=\"fg-caption-inner\"><div class=\"fg-caption-title\">Geburtstagsst\u00e4ndchen f\u00fcr unseren Wirt Helmut Schaller<\/div><\/div><\/figcaption><\/figure><div class=\"fg-loader\"><\/div><\/div><div class=\"fg-item fg-type-image fg-idle\"><figure class=\"fg-item-inner\"><a href=\"https:\/\/posaunenchor-schwarzenbach.de\/wp-content\/uploads\/2020\/06\/Bl\u00e4sergottesdienst-an-L\u00e4tare-2019-Das-hohe-Blech.jpg\" data-caption-title=\"Bl\u00e4sergottesdienst am Sonntag L\u00e4tare\" data-attachment-id=\"627\" class=\"fg-thumb\"><span class=\"fg-image-wrap\"><img decoding=\"async\" title=\"Bl\u00e4sergottesdienst am Sonntag L\u00e4tare\" width=\"255\" height=\"200\" class=\"skip-lazy fg-image\" data-src-fg=\"https:\/\/posaunenchor-schwarzenbach.de\/wp-content\/uploads\/cache\/2020\/06\/Bl\u00e4sergottesdienst-an-L\u00e4tare-2019-Das-hohe-Blech\/3800605532.jpg\" data-srcset-fg=\"https:\/\/posaunenchor-schwarzenbach.de\/wp-content\/uploads\/cache\/2020\/06\/Bl\u00e4sergottesdienst-an-L\u00e4tare-2019-Das-hohe-Blech\/971887274.jpg 2x\" src=\"data:image\/svg+xml,%3Csvg%20xmlns%3D%22http%3A%2F%2Fwww.w3.org%2F2000%2Fsvg%22%20width%3D%22255%22%20height%3D%22200%22%20viewBox%3D%220%200%20255%20200%22%3E%3C%2Fsvg%3E\" loading=\"eager\"><\/span><span class=\"fg-image-overlay\"><\/span><\/a><figcaption class=\"fg-caption\"><div class=\"fg-caption-inner\"><div class=\"fg-caption-title\">Bl\u00e4sergottesdienst am Sonntag L\u00e4tare<\/div><\/div><\/figcaption><\/figure><div class=\"fg-loader\"><\/div><\/div><div class=\"fg-item fg-type-image fg-idle\"><figure class=\"fg-item-inner\"><a href=\"https:\/\/posaunenchor-schwarzenbach.de\/wp-content\/uploads\/2020\/06\/Adventsmusik-2019.jpg\" data-caption-title=\"Adventskonzert in der St. Gumbertus Kirche\" data-attachment-id=\"626\" class=\"fg-thumb\"><span class=\"fg-image-wrap\"><img decoding=\"async\" title=\"Adventskonzert in der St. Gumbertus Kirche\" width=\"255\" height=\"200\" class=\"skip-lazy fg-image\" data-src-fg=\"https:\/\/posaunenchor-schwarzenbach.de\/wp-content\/uploads\/cache\/2020\/06\/Adventsmusik-2019\/2571823914.jpg\" data-srcset-fg=\"https:\/\/posaunenchor-schwarzenbach.de\/wp-content\/uploads\/cache\/2020\/06\/Adventsmusik-2019\/1104186051.jpg 2x\" src=\"data:image\/svg+xml,%3Csvg%20xmlns%3D%22http%3A%2F%2Fwww.w3.org%2F2000%2Fsvg%22%20width%3D%22255%22%20height%3D%22200%22%20viewBox%3D%220%200%20255%20200%22%3E%3C%2Fsvg%3E\" loading=\"eager\"><\/span><span class=\"fg-image-overlay\"><\/span><\/a><figcaption class=\"fg-caption\"><div class=\"fg-caption-inner\"><div class=\"fg-caption-title\">Adventskonzert in der St. Gumbertus Kirche<\/div><\/div><\/figcaption><\/figure><div class=\"fg-loader\"><\/div><\/div><div class=\"fg-item fg-type-image fg-idle\"><figure class=\"fg-item-inner\"><a href=\"https:\/\/posaunenchor-schwarzenbach.de\/wp-content\/uploads\/2020\/06\/Abendmusik-zum-Wweihnachtsmarkt.jpg\" data-caption-title=\"Abendmusik zum Weihnachtsmarkt\" data-attachment-id=\"625\" class=\"fg-thumb\"><span class=\"fg-image-wrap\"><img decoding=\"async\" title=\"Abendmusik zum Weihnachtsmarkt\" width=\"255\" height=\"200\" class=\"skip-lazy fg-image\" data-src-fg=\"https:\/\/posaunenchor-schwarzenbach.de\/wp-content\/uploads\/cache\/2020\/06\/Abendmusik-zum-Wweihnachtsmarkt\/4276587439.jpg\" data-srcset-fg=\"https:\/\/posaunenchor-schwarzenbach.de\/wp-content\/uploads\/cache\/2020\/06\/Abendmusik-zum-Wweihnachtsmarkt\/3783057726.jpg 2x\" src=\"data:image\/svg+xml,%3Csvg%20xmlns%3D%22http%3A%2F%2Fwww.w3.org%2F2000%2Fsvg%22%20width%3D%22255%22%20height%3D%22200%22%20viewBox%3D%220%200%20255%20200%22%3E%3C%2Fsvg%3E\" loading=\"eager\"><\/span><span class=\"fg-image-overlay\"><\/span><\/a><figcaption class=\"fg-caption\"><div class=\"fg-caption-inner\"><div class=\"fg-caption-title\">Abendmusik zum Weihnachtsmarkt<\/div><\/div><\/figcaption><\/figure><div class=\"fg-loader\"><\/div><\/div><div class=\"fg-item fg-type-image fg-idle\"><figure class=\"fg-item-inner\"><a href=\"https:\/\/posaunenchor-schwarzenbach.de\/wp-content\/uploads\/2020\/05\/2019-L\u00e4tare-IMG_6519b-scaled.jpg\" data-caption-title=\"Bl\u00e4sergottesdienst am Sonntag L\u00e4tare\" data-attachment-id=\"339\" class=\"fg-thumb\"><span class=\"fg-image-wrap\"><img decoding=\"async\" title=\"Bl\u00e4sergottesdienst am Sonntag L\u00e4tare\" width=\"255\" height=\"200\" class=\"skip-lazy fg-image\" data-src-fg=\"https:\/\/posaunenchor-schwarzenbach.de\/wp-content\/uploads\/cache\/2020\/05\/2019-L\u00e4tare-IMG_6519b-scaled\/559678480.jpg\" data-srcset-fg=\"https:\/\/posaunenchor-schwarzenbach.de\/wp-content\/uploads\/cache\/2020\/05\/2019-L\u00e4tare-IMG_6519b-scaled\/3436820411.jpg 2x\" src=\"data:image\/svg+xml,%3Csvg%20xmlns%3D%22http%3A%2F%2Fwww.w3.org%2F2000%2Fsvg%22%20width%3D%22255%22%20height%3D%22200%22%20viewBox%3D%220%200%20255%20200%22%3E%3C%2Fsvg%3E\" loading=\"eager\"><\/span><span class=\"fg-image-overlay\"><\/span><\/a><figcaption class=\"fg-caption\"><div class=\"fg-caption-inner\"><div class=\"fg-caption-title\">Bl\u00e4sergottesdienst am Sonntag L\u00e4tare<\/div><\/div><\/figcaption><\/figure><div class=\"fg-loader\"><\/div><\/div><div class=\"fg-item fg-type-image fg-idle\"><figure class=\"fg-item-inner\"><a href=\"https:\/\/posaunenchor-schwarzenbach.de\/wp-content\/uploads\/2020\/05\/2018-SchlosshofIMG_0909-scaled.jpg\" data-caption-title=\"Serenade im Rathaushof\" data-attachment-id=\"338\" class=\"fg-thumb\"><span class=\"fg-image-wrap\"><img decoding=\"async\" title=\"Serenade im Rathaushof\" width=\"255\" height=\"200\" class=\"skip-lazy fg-image\" data-src-fg=\"https:\/\/posaunenchor-schwarzenbach.de\/wp-content\/uploads\/cache\/2020\/05\/2018-SchlosshofIMG_0909-scaled\/2634242799.jpg\" data-srcset-fg=\"https:\/\/posaunenchor-schwarzenbach.de\/wp-content\/uploads\/cache\/2020\/05\/2018-SchlosshofIMG_0909-scaled\/3706365244.jpg 2x\" src=\"data:image\/svg+xml,%3Csvg%20xmlns%3D%22http%3A%2F%2Fwww.w3.org%2F2000%2Fsvg%22%20width%3D%22255%22%20height%3D%22200%22%20viewBox%3D%220%200%20255%20200%22%3E%3C%2Fsvg%3E\" loading=\"eager\"><\/span><span class=\"fg-image-overlay\"><\/span><\/a><figcaption class=\"fg-caption\"><div class=\"fg-caption-inner\"><div class=\"fg-caption-title\">Serenade im Rathaushof<\/div><\/div><\/figcaption><\/figure><div class=\"fg-loader\"><\/div><\/div><div class=\"fg-item fg-type-image fg-idle\"><figure class=\"fg-item-inner\"><a href=\"https:\/\/posaunenchor-schwarzenbach.de\/wp-content\/uploads\/2020\/04\/Posaunenchor_SWB-4070012-scaled.jpg\" data-caption-title=\"Probe im Gemeindehaus\" data-attachment-id=\"233\" class=\"fg-thumb\"><span class=\"fg-image-wrap\"><img decoding=\"async\" title=\"Probe im Gemeindehaus\" width=\"255\" height=\"200\" class=\"skip-lazy fg-image\" data-src-fg=\"https:\/\/posaunenchor-schwarzenbach.de\/wp-content\/uploads\/cache\/2020\/04\/Posaunenchor_SWB-4070012-scaled\/2058278602.jpg\" data-srcset-fg=\"https:\/\/posaunenchor-schwarzenbach.de\/wp-content\/uploads\/cache\/2020\/04\/Posaunenchor_SWB-4070012-scaled\/1698020443.jpg 2x\" src=\"data:image\/svg+xml,%3Csvg%20xmlns%3D%22http%3A%2F%2Fwww.w3.org%2F2000%2Fsvg%22%20width%3D%22255%22%20height%3D%22200%22%20viewBox%3D%220%200%20255%20200%22%3E%3C%2Fsvg%3E\" loading=\"eager\"><\/span><span class=\"fg-image-overlay\"><\/span><\/a><figcaption class=\"fg-caption\"><div class=\"fg-caption-inner\"><div class=\"fg-caption-title\">Probe im Gemeindehaus<\/div><\/div><\/figcaption><\/figure><div class=\"fg-loader\"><\/div><\/div><div class=\"fg-item fg-type-image fg-idle\"><figure class=\"fg-item-inner\"><a href=\"https:\/\/posaunenchor-schwarzenbach.de\/wp-content\/uploads\/2020\/04\/Posaunenchor_SWB_Gruppenbild-4230169-scaled.jpg\" data-caption-title=\"Gruppenfoto in der St. Gumbertus Kirche\" data-attachment-id=\"231\" class=\"fg-thumb\"><span class=\"fg-image-wrap\"><img decoding=\"async\" alt=\"Gruppenfoto des Posaunenchores\" title=\"Gruppenfoto in der St. Gumbertus Kirche\" width=\"255\" height=\"200\" class=\"skip-lazy fg-image\" data-src-fg=\"https:\/\/posaunenchor-schwarzenbach.de\/wp-content\/uploads\/cache\/2020\/04\/Posaunenchor_SWB_Gruppenbild-4230169-scaled\/377672899.jpg\" data-srcset-fg=\"https:\/\/posaunenchor-schwarzenbach.de\/wp-content\/uploads\/cache\/2020\/04\/Posaunenchor_SWB_Gruppenbild-4230169-scaled\/431041202.jpg 2x\" src=\"data:image\/svg+xml,%3Csvg%20xmlns%3D%22http%3A%2F%2Fwww.w3.org%2F2000%2Fsvg%22%20width%3D%22255%22%20height%3D%22200%22%20viewBox%3D%220%200%20255%20200%22%3E%3C%2Fsvg%3E\" loading=\"eager\"><\/span><span class=\"fg-image-overlay\"><\/span><\/a><figcaption class=\"fg-caption\"><div class=\"fg-caption-inner\"><div class=\"fg-caption-title\">Gruppenfoto in der St. Gumbertus Kirche<\/div><\/div><\/figcaption><\/figure><div class=\"fg-loader\"><\/div><\/div><div class=\"fg-item fg-type-image fg-idle\"><figure class=\"fg-item-inner\"><a href=\"https:\/\/posaunenchor-schwarzenbach.de\/wp-content\/uploads\/2020\/04\/Posaunenchor_SWB_Gruppenbild-4230157-scaled.jpg\" data-caption-title=\"Gottesdienst in der St. Gumbertus Kirche\" data-attachment-id=\"230\" class=\"fg-thumb\"><span class=\"fg-image-wrap\"><img decoding=\"async\" title=\"Gottesdienst in der St. Gumbertus Kirche\" width=\"255\" height=\"200\" class=\"skip-lazy fg-image\" data-src-fg=\"https:\/\/posaunenchor-schwarzenbach.de\/wp-content\/uploads\/cache\/2020\/04\/Posaunenchor_SWB_Gruppenbild-4230157-scaled\/2551301383.jpg\" data-srcset-fg=\"https:\/\/posaunenchor-schwarzenbach.de\/wp-content\/uploads\/cache\/2020\/04\/Posaunenchor_SWB_Gruppenbild-4230157-scaled\/2535603062.jpg 2x\" src=\"data:image\/svg+xml,%3Csvg%20xmlns%3D%22http%3A%2F%2Fwww.w3.org%2F2000%2Fsvg%22%20width%3D%22255%22%20height%3D%22200%22%20viewBox%3D%220%200%20255%20200%22%3E%3C%2Fsvg%3E\" loading=\"eager\"><\/span><span class=\"fg-image-overlay\"><\/span><\/a><figcaption class=\"fg-caption\"><div class=\"fg-caption-inner\"><div class=\"fg-caption-title\">Gottesdienst in der St. Gumbertus Kirche<\/div><\/div><\/figcaption><\/figure><div class=\"fg-loader\"><\/div><\/div><div class=\"fg-item fg-type-image fg-idle\"><figure class=\"fg-item-inner\"><a href=\"https:\/\/posaunenchor-schwarzenbach.de\/wp-content\/uploads\/2020\/07\/IMG_4713.jpg\" data-caption-desc=\"Auftritt zur Wiesenfest-Ersatzveranstaltung wg. der Corona-Pandemie\" data-attachment-id=\"745\" class=\"fg-thumb\"><span class=\"fg-image-wrap\"><img decoding=\"async\" width=\"255\" height=\"200\" class=\"skip-lazy fg-image\" data-src-fg=\"https:\/\/posaunenchor-schwarzenbach.de\/wp-content\/uploads\/cache\/2020\/07\/IMG_4713\/2869173208.jpg\" data-srcset-fg=\"https:\/\/posaunenchor-schwarzenbach.de\/wp-content\/uploads\/cache\/2020\/07\/IMG_4713\/1225324216.jpg 2x\" src=\"data:image\/svg+xml,%3Csvg%20xmlns%3D%22http%3A%2F%2Fwww.w3.org%2F2000%2Fsvg%22%20width%3D%22255%22%20height%3D%22200%22%20viewBox%3D%220%200%20255%20200%22%3E%3C%2Fsvg%3E\" loading=\"eager\"><\/span><span class=\"fg-image-overlay\"><\/span><\/a><figcaption class=\"fg-caption\"><div class=\"fg-caption-inner\"><div class=\"fg-caption-desc\">Auftritt zur Wiesenfest-Ersatzveranstaltung wg. der Corona-Pandemie<\/div><\/div><\/figcaption><\/figure><div class=\"fg-loader\"><\/div><\/div><div class=\"fg-item fg-type-image fg-idle\"><figure class=\"fg-item-inner\"><a href=\"https:\/\/posaunenchor-schwarzenbach.de\/wp-content\/uploads\/2020\/07\/image1-1.jpeg\" data-caption-desc=\"&quot;Dreifach-Tuba&quot; bei der Probe bei Gerhard Raithel\" data-attachment-id=\"743\" class=\"fg-thumb\"><span class=\"fg-image-wrap\"><img decoding=\"async\" width=\"255\" height=\"200\" class=\"skip-lazy fg-image\" data-src-fg=\"https:\/\/posaunenchor-schwarzenbach.de\/wp-content\/uploads\/cache\/2020\/07\/image1-1\/2582789798.jpeg\" data-srcset-fg=\"https:\/\/posaunenchor-schwarzenbach.de\/wp-content\/uploads\/cache\/2020\/07\/image1-1\/3567407891.jpeg 2x\" src=\"data:image\/svg+xml,%3Csvg%20xmlns%3D%22http%3A%2F%2Fwww.w3.org%2F2000%2Fsvg%22%20width%3D%22255%22%20height%3D%22200%22%20viewBox%3D%220%200%20255%20200%22%3E%3C%2Fsvg%3E\" loading=\"eager\"><\/span><span class=\"fg-image-overlay\"><\/span><\/a><figcaption class=\"fg-caption\"><div class=\"fg-caption-inner\"><div class=\"fg-caption-desc\">&#8222;Dreifach-Tuba&#8220; bei der Probe bei Gerhard Raithel<\/div><\/div><\/figcaption><\/figure><div class=\"fg-loader\"><\/div><\/div><\/div>\r\n\n\n\n<div style=\"height:100px\" aria-hidden=\"true\" class=\"wp-block-spacer\"><\/div>\n\n\n\n<h2 class=\"wp-block-heading\">Audio<\/h2>\n\n\n\n<h4 class=\"wp-block-heading\">Vater deine Liebe &#8211; Michael Sch\u00fctz<\/h4>\n\n\n\n<figure class=\"wp-block-audio\"><audio controls src=\"https:\/\/posaunenchor-schwarzenbach.de\/wp-content\/uploads\/2020\/06\/Vater-deine-Liebe-M.-Sch\u00fctz.mp3\"><\/audio><\/figure>\n\n\n\n<div style=\"height:30px\" aria-hidden=\"true\" class=\"wp-block-spacer\"><\/div>\n\n\n\n<h4 class=\"wp-block-heading\">Auf fr\u00f6hlicher Fahrt<\/h4>\n\n\n\n<figure class=\"wp-block-audio\"><audio controls src=\"https:\/\/posaunenchor-schwarzenbach.de\/wp-content\/uploads\/2020\/06\/Auf-fr\u00f6hlicher-Fahrt.mp3\"><\/audio><\/figure>\n\n\n\n<div style=\"height:30px\" aria-hidden=\"true\" class=\"wp-block-spacer\"><\/div>\n\n\n\n<h4 class=\"wp-block-heading\">I have a dream &#8211; Reinhold Schelter<\/h4>\n\n\n\n<figure class=\"wp-block-audio\"><audio controls src=\"https:\/\/posaunenchor-schwarzenbach.de\/wp-content\/uploads\/2020\/06\/I-have-a-dream-R.-Schelter.mp3\"><\/audio><\/figure>\n\n\n\n<div style=\"height:30px\" aria-hidden=\"true\" class=\"wp-block-spacer\"><\/div>\n\n\n\n<h4 class=\"wp-block-heading\">Der Leipolds Nickl<\/h4>\n\n\n\n<figure class=\"wp-block-audio\"><audio controls src=\"https:\/\/posaunenchor-schwarzenbach.de\/wp-content\/uploads\/2020\/06\/Der-Leipolds-Nickel.mp3\"><\/audio><\/figure>\n\n\n\n<div style=\"height:30px\" aria-hidden=\"true\" class=\"wp-block-spacer\"><\/div>\n\n\n\n<h4 class=\"wp-block-heading\">Extrade &#8211; Matthias Nagel<\/h4>\n\n\n\n<figure class=\"wp-block-audio\"><audio controls src=\"https:\/\/posaunenchor-schwarzenbach.de\/wp-content\/uploads\/2020\/06\/Extrade-M.-Nagel.mp3\"><\/audio><\/figure>\n\n\n\n<div style=\"height:100px\" aria-hidden=\"true\" class=\"wp-block-spacer\"><\/div>\n\n\n\n<h2 class=\"wp-block-heading\">Videos <\/h2>\n\n\n\n<p>Videos von Aufritten und Konzerten.<\/p>\n\n\n\n<h4 class=\"wp-block-heading\">&#8222;Alle Jahre wieder&#8220; am Adventsmarkt<\/h4>\n\n\n\n<figure class=\"wp-block-video\"><video height=\"576\" style=\"aspect-ratio: 720 \/ 576;\" width=\"720\" controls poster=\"https:\/\/posaunenchor-schwarzenbach.de\/wp-content\/uploads\/2020\/06\/Weihnachtsmarkt.jpg\" src=\"https:\/\/posaunenchor-schwarzenbach.de\/wp-content\/uploads\/2020\/06\/Video-Adventsmarkt-2017.mp4\"><\/video><\/figure>\n\n\n\n<div style=\"height:50px\" aria-hidden=\"true\" class=\"wp-block-spacer\"><\/div>\n\n\n\n<h4 class=\"wp-block-heading\">Einweihung des Rathaushofes mit einem jazzigen St\u00fcck<\/h4>\n\n\n\n<figure class=\"wp-block-video\"><video height=\"576\" style=\"aspect-ratio: 720 \/ 576;\" width=\"720\" controls poster=\"https:\/\/posaunenchor-schwarzenbach.de\/wp-content\/uploads\/2020\/06\/Rathaus.jpg\" src=\"https:\/\/posaunenchor-schwarzenbach.de\/wp-content\/uploads\/2020\/06\/Einweigung-Rathaushof.mp4\"><\/video><\/figure>\n\n\n\n<div style=\"height:50px\" aria-hidden=\"true\" class=\"wp-block-spacer\"><\/div>\n\n\n\n<h4 class=\"wp-block-heading\">&#8222;Tochter Zion&#8220; zum Adventskonzert<\/h4>\n\n\n\n<figure class=\"wp-block-video\"><video height=\"576\" style=\"aspect-ratio: 720 \/ 576;\" width=\"720\" controls poster=\"https:\/\/posaunenchor-schwarzenbach.de\/wp-content\/uploads\/2020\/06\/Konzert.jpg\" src=\"https:\/\/posaunenchor-schwarzenbach.de\/wp-content\/uploads\/2020\/06\/Adventskonzert-Tochter-Zion.mp4\"><\/video><\/figure>\n\n\n\n<div style=\"height:50px\" aria-hidden=\"true\" class=\"wp-block-spacer\"><\/div>\n\n\n\n<h4 class=\"has-text-align-left wp-block-heading\">Einzug zur Jubelkonfirmation mit &#8222;Tut mir auf die sch\u00f6ne Pforte&#8220;<\/h4>\n\n\n\n<div class=\"wp-block-group\"><div class=\"wp-block-group__inner-container is-layout-flow wp-block-group-is-layout-flow\">\n<figure class=\"wp-block-video\"><video height=\"576\" style=\"aspect-ratio: 720 \/ 576;\" width=\"720\" controls poster=\"https:\/\/posaunenchor-schwarzenbach.de\/wp-content\/uploads\/2020\/06\/Einzug-e1591728869970.jpg\" src=\"https:\/\/posaunenchor-schwarzenbach.de\/wp-content\/uploads\/2020\/06\/Jubelkonfirmation-2019.mp4\"><\/video><\/figure>\n<\/div><\/div>\n\n\n\n<p><\/p>\n","protected":false},"excerpt":{"rendered":"<p>Hier finden Sie verschiedene Bilder, Videos und Tonaufnahmen von unseren Auftritten und Konzerten. Egal ob Gottesdienst, Wiesenfest, Geburtstag oder Weihnachtsmarkt, wir spielen zu den unterschiedlichsten Anl\u00e4ssen. Unsere aktuellen Auftrittstermine sind auf der rechten Seite zu finden oder unter Termine. Bilder Zum vergr\u00f6\u00dfern auf das Bild klicken. Audio Vater deine Liebe &#8211; Michael Sch\u00fctz Auf fr\u00f6hlicher [&hellip;]<\/p>\n","protected":false},"author":1,"featured_media":0,"parent":0,"menu_order":0,"comment_status":"open","ping_status":"closed","template":"","meta":{"footnotes":""},"class_list":["post-430","page","type-page","status-publish","hentry"],"_links":{"self":[{"href":"https:\/\/posaunenchor-schwarzenbach.de\/index.php?rest_route=\/wp\/v2\/pages\/430","targetHints":{"allow":["GET"]}}],"collection":[{"href":"https:\/\/posaunenchor-schwarzenbach.de\/index.php?rest_route=\/wp\/v2\/pages"}],"about":[{"href":"https:\/\/posaunenchor-schwarzenbach.de\/index.php?rest_route=\/wp\/v2\/types\/page"}],"author":[{"embeddable":true,"href":"https:\/\/posaunenchor-schwarzenbach.de\/index.php?rest_route=\/wp\/v2\/users\/1"}],"replies":[{"embeddable":true,"href":"https:\/\/posaunenchor-schwarzenbach.de\/index.php?rest_route=%2Fwp%2Fv2%2Fcomments&post=430"}],"version-history":[{"count":22,"href":"https:\/\/posaunenchor-schwarzenbach.de\/index.php?rest_route=\/wp\/v2\/pages\/430\/revisions"}],"predecessor-version":[{"id":722,"href":"https:\/\/posaunenchor-schwarzenbach.de\/index.php?rest_route=\/wp\/v2\/pages\/430\/revisions\/722"}],"wp:attachment":[{"href":"https:\/\/posaunenchor-schwarzenbach.de\/index.php?rest_route=%2Fwp%2Fv2%2Fmedia&parent=430"}],"curies":[{"name":"wp","href":"https:\/\/api.w.org\/{rel}","templated":true}]}}